{"id":935,"date":"2026-04-20T10:17:36","date_gmt":"2026-04-20T13:17:36","guid":{"rendered":"https:\/\/ministeriosdiaadia.cl\/?page_id=935"},"modified":"2026-09-01T19:47:07","modified_gmt":"2026-09-01T22:47:07","slug":"verso-del-dia","status":"publish","type":"page","link":"https:\/\/ministeriosdiaadia.cl\/index.php\/verso-del-dia\/","title":{"rendered":"VERSO DEL DIA"},"content":{"rendered":"<p>[et_pb_section fb_built=\u00bb1&#8243; _builder_version=\u00bb4.27.4&#8243; _module_preset=\u00bbdefault\u00bb global_colors_info=\u00bb{}\u00bb][et_pb_row _builder_version=\u00bb4.27.4&#8243; _module_preset=\u00bbdefault\u00bb global_colors_info=\u00bb{}\u00bb][et_pb_column type=\u00bb4_4&#8243; _builder_version=\u00bb4.27.4&#8243; _module_preset=\u00bbdefault\u00bb global_colors_info=\u00bb{}\u00bb][et_pb_image src=\u00bbhttps:\/\/ministeriosdiaadia.cl\/wp-content\/uploads\/2026\/09\/1-scaled.jpg\u00bb alt=\u00bbministerio dia a dia\u00bb title_text=\u00bb1&#8243; _builder_version=\u00bb4.27.4&#8243; _module_preset=\u00bbdefault\u00bb hover_enabled=\u00bb0&#8243; global_colors_info=\u00bb{}\u00bb sticky_enabled=\u00bb0&#8243;][\/et_pb_image][\/et_pb_column][\/et_pb_row][et_pb_row _builder_version=\u00bb4.27.4&#8243; _module_preset=\u00bbdefault\u00bb custom_padding=\u00bb|||4px||\u00bb global_colors_info=\u00bb{}\u00bb][et_pb_column type=\u00bb4_4&#8243; _builder_version=\u00bb4.27.4&#8243; _module_preset=\u00bbdefault\u00bb global_colors_info=\u00bb{}\u00bb][et_pb_text _builder_version=\u00bb4.27.4&#8243; _module_preset=\u00bbdefault\u00bb text_font_size=\u00bb17px\u00bb text_line_height=\u00bb2em\u00bb custom_padding=\u00bb||0px|||\u00bb hover_enabled=\u00bb0&#8243; global_colors_info=\u00bb{}\u00bb sticky_enabled=\u00bb0&#8243;]<\/p>\n<p><span>8. <strong>\u00bfEs tal nuestra corrupci\u00f3n que somos totalmente incapaces de hacer bien alguno y estamos inclinados a todo mal?<\/strong><\/span><\/p>\n<p><span><strong>Respuesta<\/strong>: Ciertamente, a no ser que seamos regenerados por el Esp\u00edritu Santo.<\/span><\/p>\n<p><span>PREG. 8, CATECISMO DE HILDERBERG<\/span><br \/><span>_________________________________<\/span><\/p>\n<p><span>La gravedad de nuestro extrav\u00edo espiritual revela que la ca\u00edda no fue un tropiezo superficial, sino una desorientaci\u00f3n total de nuestra voluntad. La teolog\u00eda reformada nos confronta con la realidad de que, abandonados a nuestro propio arbitrio, no poseemos la br\u00fajula moral ni la fuerza espiritual para regresar a Dios, como muchos parecieran querer presentar el evangelio el d\u00eda de hoy. El pecado no solo debilit\u00f3 nuestras capacidades, sino que nos incapacit\u00f3 por completo para obrar el bien y nos dej\u00f3 en una condici\u00f3n de bancarrota espiritual donde cada pensamiento y deseo corren en direcci\u00f3n opuesta a la santidad del Creador.<\/span><\/p>\n<p><span>Esta dolorosa condici\u00f3n la describe con precisi\u00f3n el profeta en <strong>Isa\u00edas 53:6<\/strong>, que es el texto que he puesto hoy en la imagen: \u00ab<strong><em>Todos nosotros nos descarriamos como ovejas, <\/em><\/strong><\/span><strong><em>Nos apartamos cada cual por su camino; Pero el Se\u00f1or hizo que cayera sobre \u00c9l<\/em><\/strong><br \/><span><strong><em>La iniquidad de todos nosotros.<\/em><\/strong>\u00bb. La Escritura utiliza la figura de la oveja perdida para ilustrar nuestra incapacidad: una oveja descarriada no sabe volver al redil por s\u00ed misma y est\u00e1 condenada a la ruina a menos que el pastor la rescate. Nosotros elegimos nuestro propio camino de rebeli\u00f3n, demostrando que por naturaleza estamos completamente inclinados al mal y desprovistos de justicia.<\/span><\/p>\n<p><span>Esta verdad b\u00edblica es la que sostiene la Pregunta 8 del Catecismo de Heidelberg al preguntar si estamos tan corrompidos que somos totalmente incapaces de hacer el bien. La respuesta afirma que s\u00ed, a menos que seamos regenerados por el Esp\u00edritu de Dios. El catecismo conecta perfectamente con el lamento de Isa\u00edas, despoj\u00e1ndonos de cualquier pretensi\u00f3n de auto-salvaci\u00f3n; nos recuerda que nuestra \u00fanica esperanza no radica en nuestra capacidad de enmendar el rumbo, sino en una intervenci\u00f3n soberana y externa que transforme nuestro coraz\u00f3n de piedra.<\/span><\/p>\n<p><span>Amada iglesia, la belleza del Evangelio resplandece con mayor fuerza cuando reconocemos la profundidad de nuestra incapacidad. Aunque nuestra naturaleza ca\u00edda nos apart\u00f3 del camino, la maravillosa gracia del Padre dispuso que toda nuestra culpa fuera cargada sobre los hombros de Jesucristo en la cruz. No dependemos de nuestras d\u00e9biles fuerzas para mantenernos a salvo; el Buen Pastor ya nos reclam\u00f3, nos dio vida nueva por su Esp\u00edritu Santo y prometi\u00f3 sostenernos en sus manos soberanas, incluso en los tiempos en los que la tormenta pareciera atacar con m\u00e1s furia y nuestra fe se quebrante. El que nos sostiene es el amado Salvador, que ha prometido caminar con nosotros todos los d\u00edas hasta el fin del mundo.<\/span><\/p>\n<p><span>Ten paciencia, resiste, no desmayes. S\u00e9 valiente y espera en \u00e9l.<\/span><\/p>\n<p><span>&#8211;<strong>Pastor Carlos <\/strong><\/span><br \/><span>Un peregrino caminando la fe, porque la fe se camina<\/span><\/p>\n<p>[\/et_pb_text][et_pb_video _builder_version=\u00bb4.27.4&#8243; _module_preset=\u00bbdefault\u00bb hover_enabled=\u00bb0&#8243; global_colors_info=\u00bb{}\u00bb src=\u00bbhttps:\/\/youtu.be\/g7ZhHG8ywwg?si=C6YrIn8tiP0_FAWc\u00bb sticky_enabled=\u00bb0&#8243;][\/et_pb_video][\/et_pb_column][\/et_pb_row][\/et_pb_section][et_pb_section fb_built=\u00bb1&#8243; fullwidth=\u00bbon\u00bb admin_label=\u00bbHero\u00bb _builder_version=\u00bb4.27.4&#8243; background_image=\u00bbhttps:\/\/ministeriosdiaadia.cl\/wp-content\/uploads\/2026\/01\/church-13.jpg\u00bb parallax=\u00bbon\u00bb global_colors_info=\u00bb{}\u00bb][et_pb_fullwidth_header title=\u00bbCaminando Junto A La Palabra de Dios\u00bb subhead=\u00bb%22L\u00e1mpara es a mis pies tu palabra &#8230;%22&#8243; button_one_text=\u00bbD\u00eda a D\u00eda\u00bb button_one_url=\u00bbhttps:\/\/ministeriosdiaadia.cl\/\u00bb button_two_text=\u00bbPeticiones\u00bb button_two_url=\u00bbhttps:\/\/ministeriosdiaadia.cl\/index.php\/contacto\/#peticiones\u00bb content_max_width=\u00bb700px\u00bb _builder_version=\u00bb4.27.4&#8243; title_font=\u00bb||||||||\u00bb title_font_size=\u00bb70px\u00bb title_line_height=\u00bb1.5em\u00bb content_font=\u00bb||||||||\u00bb content_font_size=\u00bb20px\u00bb content_line_height=\u00bb1.8em\u00bb subhead_font=\u00bbLato|700|||||||\u00bb subhead_font_size=\u00bb30px\u00bb subhead_line_height=\u00bb1.8em\u00bb background_color=\u00bbrgba(0,0,0,0)\u00bb use_background_color_gradient=\u00bbon\u00bb background_color_gradient_direction=\u00bb220deg\u00bb background_color_gradient_stops=\u00bb#3e601f 35%|#7cda24 100%\u00bb background_color_gradient_overlays_image=\u00bbon\u00bb background_color_gradient_start=\u00bbrgba(53,80,160,0.27)\u00bb background_color_gradient_end=\u00bb#3550a0&#8243; custom_button_one=\u00bbon\u00bb button_one_text_size=\u00bb16px\u00bb button_one_text_color=\u00bb#3550a0&#8243; button_one_bg_color=\u00bb#ffffff\u00bb button_one_border_width=\u00bb10px\u00bb button_one_border_color=\u00bbrgba(210,159,104,0)\u00bb button_one_border_radius=\u00bb100px\u00bb button_one_font=\u00bbLato|900|||||||\u00bb button_one_use_icon=\u00bboff\u00bb custom_button_two=\u00bbon\u00bb button_two_text_size=\u00bb16px\u00bb button_two_text_color=\u00bb#ffffff\u00bb button_two_bg_color=\u00bbrgba(255,255,255,0.15)\u00bb button_two_border_width=\u00bb10px\u00bb button_two_border_color=\u00bbrgba(210,159,104,0)\u00bb button_two_border_radius=\u00bb100px\u00bb button_two_font=\u00bbLato|900|||||||\u00bb button_two_use_icon=\u00bboff\u00bb custom_margin=\u00bb|||\u00bb custom_padding=\u00bb10vw||10vw||false\u00bb custom_padding_tablet=\u00bb20vw||20vw||true\u00bb custom_padding_phone=\u00bb20vw||20vw||true\u00bb custom_padding_last_edited=\u00bbon|desktop\u00bb title_font_size_tablet=\u00bb50px\u00bb title_font_size_phone=\u00bb32px\u00bb title_font_size_last_edited=\u00bbon|tablet\u00bb button_one_text_color_hover=\u00bb#3550a0&#8243; button_two_text_color_hover=\u00bb#ffffff\u00bb button_one_bg_color_hover=\u00bbrgba(255,255,255,0.8)\u00bb button_two_bg_color_hover=\u00bbrgba(255,255,255,0.3)\u00bb global_colors_info=\u00bb{}\u00bb button_one_text_size__hover_enabled=\u00bboff\u00bb button_two_text_size__hover_enabled=\u00bboff\u00bb button_one_text_color__hover_enabled=\u00bbon\u00bb button_one_text_color__hover=\u00bb#3550a0&#8243; button_two_text_color__hover_enabled=\u00bbon\u00bb button_two_text_color__hover=\u00bb#ffffff\u00bb button_one_border_width__hover_enabled=\u00bboff\u00bb button_two_border_width__hover_enabled=\u00bboff\u00bb button_one_border_color__hover_enabled=\u00bboff\u00bb button_two_border_color__hover_enabled=\u00bboff\u00bb button_one_border_radius__hover_enabled=\u00bboff\u00bb button_two_border_radius__hover_enabled=\u00bboff\u00bb button_one_letter_spacing__hover_enabled=\u00bboff\u00bb button_two_letter_spacing__hover_enabled=\u00bboff\u00bb button_one_bg_color__hover_enabled=\u00bbon\u00bb button_one_bg_color__hover=\u00bbrgba(255,255,255,0.8)\u00bb button_two_bg_color__hover_enabled=\u00bbon\u00bb button_two_bg_color__hover=\u00bbrgba(255,255,255,0.3)\u00bb][\/et_pb_fullwidth_header][\/et_pb_section][et_pb_section fb_built=\u00bb1&#8243; disabled_on=\u00bboff|off|off\u00bb admin_label=\u00bbCall to Action\u00bb _builder_version=\u00bb4.16&#8243; global_colors_info=\u00bb{}\u00bb][et_pb_row _builder_version=\u00bb4.16&#8243; global_colors_info=\u00bb{}\u00bb][et_pb_column type=\u00bb4_4&#8243; _builder_version=\u00bb4.16&#8243; custom_padding=\u00bb|||\u00bb global_colors_info=\u00bb{}\u00bb custom_padding__hover=\u00bb|||\u00bb][et_pb_cta title=\u00bbEscr\u00edbenos y comenta cu\u00e1l ha sido tu experiencia con el VERSO DEL D\u00cdA y cu\u00e1l ha sido el impacto en tu vida, y lo publicaremos.\u00bb button_url=\u00bbhttps:\/\/ministeriosdiaadia.cl\/index.php\/contacto\/\u00bb url_new_window=\u00bbon\u00bb button_text=\u00bbEscr\u00edbenos ac\u00e1\u00bb _builder_version=\u00bb4.27.4&#8243; header_font=\u00bb||||||||\u00bb header_font_size=\u00bb40px\u00bb header_line_height=\u00bb1.5em\u00bb body_font=\u00bb||||||||\u00bb use_background_color=\u00bboff\u00bb custom_button=\u00bbon\u00bb button_text_size=\u00bb16px\u00bb button_text_color=\u00bb#ffffff\u00bb button_bg_color=\u00bb#5B8500&#8243; button_border_width=\u00bb10px\u00bb button_border_color=\u00bbrgba(210,159,104,0)\u00bb button_border_radius=\u00bb100px\u00bb button_font=\u00bbLato|900|||||||\u00bb button_use_icon=\u00bboff\u00bb text_orientation=\u00bbleft\u00bb background_layout=\u00bblight\u00bb max_width=\u00bb800px\u00bb max_width_last_edited=\u00bboff|desktop\u00bb custom_margin=\u00bb|||\u00bb custom_padding=\u00bb|||\u00bb header_font_size_tablet=\u00bb30px\u00bb header_font_size_phone=\u00bb24px\u00bb header_font_size_last_edited=\u00bbon|tablet\u00bb button_bg_color_hover=\u00bb#4159a0&#8243; global_colors_info=\u00bb{}\u00bb button_text_size__hover_enabled=\u00bboff\u00bb button_one_text_size__hover_enabled=\u00bboff\u00bb button_two_text_size__hover_enabled=\u00bboff\u00bb button_text_color__hover_enabled=\u00bboff\u00bb button_one_text_color__hover_enabled=\u00bboff\u00bb button_two_text_color__hover_enabled=\u00bboff\u00bb button_border_width__hover_enabled=\u00bboff\u00bb button_one_border_width__hover_enabled=\u00bboff\u00bb button_two_border_width__hover_enabled=\u00bboff\u00bb button_border_color__hover_enabled=\u00bboff\u00bb button_one_border_color__hover_enabled=\u00bboff\u00bb button_two_border_color__hover_enabled=\u00bboff\u00bb button_border_radius__hover_enabled=\u00bboff\u00bb button_one_border_radius__hover_enabled=\u00bboff\u00bb button_two_border_radius__hover_enabled=\u00bboff\u00bb button_letter_spacing__hover_enabled=\u00bboff\u00bb button_one_letter_spacing__hover_enabled=\u00bboff\u00bb button_two_letter_spacing__hover_enabled=\u00bboff\u00bb button_bg_color__hover_enabled=\u00bbon\u00bb button_bg_color__hover=\u00bb#4159a0&#8243; button_one_bg_color__hover_enabled=\u00bboff\u00bb button_two_bg_color__hover_enabled=\u00bboff\u00bb][\/et_pb_cta][\/et_pb_column][\/et_pb_row][\/et_pb_section]<\/p>\n","protected":false},"excerpt":{"rendered":"<p>8. \u00bfEs tal nuestra corrupci\u00f3n que somos totalmente incapaces de hacer bien alguno y estamos inclinados a todo mal? Respuesta: Ciertamente, a no ser que seamos regenerados por el Esp\u00edritu Santo. PREG. 8, CATECISMO DE HILDERBERG_________________________________ La gravedad de nuestro extrav\u00edo espiritual revela que la ca\u00edda no fue un tropiezo superficial, sino una desorientaci\u00f3n total [&hellip;]<\/p>\n","protected":false},"author":1,"featured_media":0,"parent":0,"menu_order":0,"comment_status":"closed","ping_status":"closed","template":"","meta":{"_et_pb_use_builder":"on","_et_pb_old_content":"","_et_gb_content_width":"","_monsterinsights_skip_tracking":false,"footnotes":""},"class_list":["post-935","page","type-page","status-publish","hentry"],"aioseo_notices":[],"aioseo_head":"\n\t\t<!-- All in One SEO 5.0.1.1 - aioseo.com -->\n\t<meta name=\"description\" content=\"8. \u00bfEs tal nuestra corrupci\u00f3n que somos totalmente incapaces de hacer bien alguno y estamos inclinados a todo mal? Respuesta: Ciertamente, a no ser que seamos regenerados por el Esp\u00edritu Santo. PREG. 8, CATECISMO DE HILDERBERG_________________________________ La gravedad de nuestro extrav\u00edo espiritual revela que la ca\u00edda no fue un tropiezo superficial, sino una desorientaci\u00f3n total\" \/>\n\t<meta name=\"robots\" content=\"max-image-preview:large\" \/>\n\t<link rel=\"canonical\" href=\"https:\/\/ministeriosdiaadia.cl\/index.php\/verso-del-dia\/\" \/>\n\t<meta name=\"generator\" content=\"All in One SEO (AIOSEO) 5.0.1.1\" \/>\n\t\t<meta property=\"og:locale\" content=\"es_ES\" \/>\n\t\t<meta property=\"og:site_name\" content=\"MINISTERIOS DIA A DIA - Un ministerio de acompa\u00f1amiento espiritual\" \/>\n\t\t<meta property=\"og:type\" content=\"article\" \/>\n\t\t<meta property=\"og:title\" content=\"VERSO DEL DIA - MINISTERIOS DIA A DIA\" \/>\n\t\t<meta property=\"og:description\" content=\"8. \u00bfEs tal nuestra corrupci\u00f3n que somos totalmente incapaces de hacer bien alguno y estamos inclinados a todo mal? Respuesta: Ciertamente, a no ser que seamos regenerados por el Esp\u00edritu Santo. PREG. 8, CATECISMO DE HILDERBERG_________________________________ La gravedad de nuestro extrav\u00edo espiritual revela que la ca\u00edda no fue un tropiezo superficial, sino una desorientaci\u00f3n total\" \/>\n\t\t<meta property=\"og:url\" content=\"https:\/\/ministeriosdiaadia.cl\/index.php\/verso-del-dia\/\" \/>\n\t\t<meta property=\"article:published_time\" content=\"2026-04-20T13:17:36+00:00\" \/>\n\t\t<meta property=\"article:modified_time\" content=\"2026-09-01T22:47:07+00:00\" \/>\n\t\t<meta name=\"twitter:card\" content=\"summary_large_image\" \/>\n\t\t<meta name=\"twitter:title\" content=\"VERSO DEL DIA - MINISTERIOS DIA A DIA\" \/>\n\t\t<meta name=\"twitter:description\" content=\"8. \u00bfEs tal nuestra corrupci\u00f3n que somos totalmente incapaces de hacer bien alguno y estamos inclinados a todo mal? Respuesta: Ciertamente, a no ser que seamos regenerados por el Esp\u00edritu Santo. PREG. 8, CATECISMO DE HILDERBERG_________________________________ La gravedad de nuestro extrav\u00edo espiritual revela que la ca\u00edda no fue un tropiezo superficial, sino una desorientaci\u00f3n total\" \/>\n\t\t<script type=\"application\/ld+json\" class=\"aioseo-schema\">\n\t\t\t{\"@context\":\"https:\\\/\\\/schema.org\",\"@graph\":[{\"@type\":\"BreadcrumbList\",\"@id\":\"https:\\\/\\\/ministeriosdiaadia.cl\\\/index.php\\\/verso-del-dia\\\/#breadcrumblist\",\"itemListElement\":[{\"@type\":\"ListItem\",\"@id\":\"https:\\\/\\\/ministeriosdiaadia.cl#listItem\",\"position\":1,\"name\":\"Home\",\"item\":\"https:\\\/\\\/ministeriosdiaadia.cl\",\"nextItem\":{\"@type\":\"ListItem\",\"@id\":\"https:\\\/\\\/ministeriosdiaadia.cl\\\/index.php\\\/verso-del-dia\\\/#listItem\",\"name\":\"VERSO DEL DIA\"}},{\"@type\":\"ListItem\",\"@id\":\"https:\\\/\\\/ministeriosdiaadia.cl\\\/index.php\\\/verso-del-dia\\\/#listItem\",\"position\":2,\"name\":\"VERSO DEL DIA\",\"previousItem\":{\"@type\":\"ListItem\",\"@id\":\"https:\\\/\\\/ministeriosdiaadia.cl#listItem\",\"name\":\"Home\"}}]},{\"@type\":\"Organization\",\"@id\":\"https:\\\/\\\/ministeriosdiaadia.cl\\\/#organization\",\"name\":\"MINISTERIOS DIA A DIA\",\"description\":\"Un ministerio de acompa\\u00f1amiento espiritual\",\"url\":\"https:\\\/\\\/ministeriosdiaadia.cl\\\/\"},{\"@type\":\"WebPage\",\"@id\":\"https:\\\/\\\/ministeriosdiaadia.cl\\\/index.php\\\/verso-del-dia\\\/#webpage\",\"url\":\"https:\\\/\\\/ministeriosdiaadia.cl\\\/index.php\\\/verso-del-dia\\\/\",\"name\":\"VERSO DEL DIA - MINISTERIOS DIA A DIA\",\"description\":\"8. \\u00bfEs tal nuestra corrupci\\u00f3n que somos totalmente incapaces de hacer bien alguno y estamos inclinados a todo mal? Respuesta: Ciertamente, a no ser que seamos regenerados por el Esp\\u00edritu Santo. PREG. 8, CATECISMO DE HILDERBERG_________________________________ La gravedad de nuestro extrav\\u00edo espiritual revela que la ca\\u00edda no fue un tropiezo superficial, sino una desorientaci\\u00f3n total\",\"inLanguage\":\"es-ES\",\"isPartOf\":{\"@id\":\"https:\\\/\\\/ministeriosdiaadia.cl\\\/#website\"},\"breadcrumb\":{\"@id\":\"https:\\\/\\\/ministeriosdiaadia.cl\\\/index.php\\\/verso-del-dia\\\/#breadcrumblist\"},\"datePublished\":\"2026-04-20T10:17:36-03:00\",\"dateModified\":\"2026-09-01T19:47:07-03:00\"},{\"@type\":\"WebSite\",\"@id\":\"https:\\\/\\\/ministeriosdiaadia.cl\\\/#website\",\"url\":\"https:\\\/\\\/ministeriosdiaadia.cl\\\/\",\"name\":\"MINISTERIOS DIA A DIA\",\"description\":\"Un ministerio de acompa\\u00f1amiento espiritual\",\"inLanguage\":\"es-ES\",\"publisher\":{\"@id\":\"https:\\\/\\\/ministeriosdiaadia.cl\\\/#organization\"}}]}\n\t\t<\/script>\n\t\t<!-- All in One SEO -->\n\n","aioseo_head_json":{"title":"VERSO DEL DIA - MINISTERIOS DIA A DIA","description":"8. \u00bfEs tal nuestra corrupci\u00f3n que somos totalmente incapaces de hacer bien alguno y estamos inclinados a todo mal? Respuesta: Ciertamente, a no ser que seamos regenerados por el Esp\u00edritu Santo. PREG. 8, CATECISMO DE HILDERBERG_________________________________ La gravedad de nuestro extrav\u00edo espiritual revela que la ca\u00edda no fue un tropiezo superficial, sino una desorientaci\u00f3n total","canonical_url":"https:\/\/ministeriosdiaadia.cl\/index.php\/verso-del-dia\/","robots":"max-image-preview:large","keywords":"","webmasterTools":{"miscellaneous":""},"schema":{"@context":"https:\/\/schema.org","@graph":[{"@type":"BreadcrumbList","@id":"https:\/\/ministeriosdiaadia.cl\/index.php\/verso-del-dia\/#breadcrumblist","itemListElement":[{"@type":"ListItem","@id":"https:\/\/ministeriosdiaadia.cl#listItem","position":1,"name":"Home","item":"https:\/\/ministeriosdiaadia.cl","nextItem":{"@type":"ListItem","@id":"https:\/\/ministeriosdiaadia.cl\/index.php\/verso-del-dia\/#listItem","name":"VERSO DEL DIA"}},{"@type":"ListItem","@id":"https:\/\/ministeriosdiaadia.cl\/index.php\/verso-del-dia\/#listItem","position":2,"name":"VERSO DEL DIA","previousItem":{"@type":"ListItem","@id":"https:\/\/ministeriosdiaadia.cl#listItem","name":"Home"}}]},{"@type":"Organization","@id":"https:\/\/ministeriosdiaadia.cl\/#organization","name":"MINISTERIOS DIA A DIA","description":"Un ministerio de acompa\u00f1amiento espiritual","url":"https:\/\/ministeriosdiaadia.cl\/"},{"@type":"WebPage","@id":"https:\/\/ministeriosdiaadia.cl\/index.php\/verso-del-dia\/#webpage","url":"https:\/\/ministeriosdiaadia.cl\/index.php\/verso-del-dia\/","name":"VERSO DEL DIA - MINISTERIOS DIA A DIA","description":"8. \u00bfEs tal nuestra corrupci\u00f3n que somos totalmente incapaces de hacer bien alguno y estamos inclinados a todo mal? Respuesta: Ciertamente, a no ser que seamos regenerados por el Esp\u00edritu Santo. PREG. 8, CATECISMO DE HILDERBERG_________________________________ La gravedad de nuestro extrav\u00edo espiritual revela que la ca\u00edda no fue un tropiezo superficial, sino una desorientaci\u00f3n total","inLanguage":"es-ES","isPartOf":{"@id":"https:\/\/ministeriosdiaadia.cl\/#website"},"breadcrumb":{"@id":"https:\/\/ministeriosdiaadia.cl\/index.php\/verso-del-dia\/#breadcrumblist"},"datePublished":"2026-04-20T10:17:36-03:00","dateModified":"2026-09-01T19:47:07-03:00"},{"@type":"WebSite","@id":"https:\/\/ministeriosdiaadia.cl\/#website","url":"https:\/\/ministeriosdiaadia.cl\/","name":"MINISTERIOS DIA A DIA","description":"Un ministerio de acompa\u00f1amiento espiritual","inLanguage":"es-ES","publisher":{"@id":"https:\/\/ministeriosdiaadia.cl\/#organization"}}]},"og:locale":"es_ES","og:site_name":"MINISTERIOS DIA A DIA - Un ministerio de acompa\u00f1amiento espiritual","og:type":"article","og:title":"VERSO DEL DIA - MINISTERIOS DIA A DIA","og:description":"8. \u00bfEs tal nuestra corrupci\u00f3n que somos totalmente incapaces de hacer bien alguno y estamos inclinados a todo mal? Respuesta: Ciertamente, a no ser que seamos regenerados por el Esp\u00edritu Santo. PREG. 8, CATECISMO DE HILDERBERG_________________________________ La gravedad de nuestro extrav\u00edo espiritual revela que la ca\u00edda no fue un tropiezo superficial, sino una desorientaci\u00f3n total","og:url":"https:\/\/ministeriosdiaadia.cl\/index.php\/verso-del-dia\/","article:published_time":"2026-04-20T13:17:36+00:00","article:modified_time":"2026-09-01T22:47:07+00:00","twitter:card":"summary_large_image","twitter:title":"VERSO DEL DIA - MINISTERIOS DIA A DIA","twitter:description":"8. \u00bfEs tal nuestra corrupci\u00f3n que somos totalmente incapaces de hacer bien alguno y estamos inclinados a todo mal? Respuesta: Ciertamente, a no ser que seamos regenerados por el Esp\u00edritu Santo. PREG. 8, CATECISMO DE HILDERBERG_________________________________ La gravedad de nuestro extrav\u00edo espiritual revela que la ca\u00edda no fue un tropiezo superficial, sino una desorientaci\u00f3n total"},"aioseo_meta_data":{"post_id":"935","title":null,"description":null,"keywords":null,"keyphrases":{"focus":{"keyphrase":"","score":0,"analysis":{"keyphraseInTitle":{"score":0,"maxScore":9,"error":1}}},"additional":[]},"focus_keyword":null,"additional_keywords":null,"truseo_locale":null,"primary_term":null,"canonical_url":null,"og_title":null,"og_description":null,"og_object_type":"default","og_image_type":"default","og_image_custom_url":null,"og_image_custom_fields":null,"og_image_url":null,"og_image_width":null,"og_image_height":null,"og_video":"","og_custom_url":null,"og_article_section":null,"og_article_tags":null,"twitter_use_og":false,"twitter_card":"default","twitter_image_type":"default","twitter_image_custom_url":null,"twitter_image_custom_fields":null,"twitter_image_url":null,"twitter_title":null,"twitter_description":null,"schema_type":"default","schema_type_options":null,"schema":{"blockGraphs":[],"customGraphs":[],"default":{"data":{"Article":[],"Course":[],"Dataset":[],"FAQPage":[],"Movie":[],"Person":[],"Product":[],"ProductReview":[],"Car":[],"Recipe":[],"Service":[],"SoftwareApplication":[],"WebPage":[]},"graphName":"WebPage","isEnabled":true},"graphs":[]},"pillar_content":false,"robots_default":true,"robots_noindex":false,"robots_noarchive":false,"robots_nosnippet":false,"robots_nofollow":false,"robots_noimageindex":false,"robots_noodp":false,"robots_notranslate":false,"robots_max_snippet":"-1","robots_max_videopreview":"-1","robots_max_imagepreview":"large","priority":null,"frequency":"default","local_seo":null,"limit_modified_date":false,"ai":{"faqs":[],"keyPoints":[],"schemas":[],"titles":[],"descriptions":[],"socialPosts":{"email":[],"linkedin":[],"twitter":[],"facebook":[],"instagram":[]}},"breadcrumb_settings":null,"seo_analyzer_scan_date":null,"created":"2026-08-19 17:31:51","updated":"2026-09-02 15:17:28"},"aioseo_breadcrumb":"<div class=\"aioseo-breadcrumbs\"><span class=\"aioseo-breadcrumb\">\n\t\t\t<a href=\"https:\/\/ministeriosdiaadia.cl\" title=\"Home\">Home<\/a>\n\t\t<\/span><span class=\"aioseo-breadcrumb-separator\">&raquo;<\/span><span class=\"aioseo-breadcrumb\">\n\t\t\tVERSO DEL DIA\n\t\t<\/span><\/div>","aioseo_breadcrumb_json":[{"label":"Home","link":"https:\/\/ministeriosdiaadia.cl"},{"label":"VERSO DEL DIA","link":"https:\/\/ministeriosdiaadia.cl\/index.php\/verso-del-dia\/"}],"_links":{"self":[{"href":"https:\/\/ministeriosdiaadia.cl\/index.php\/wp-json\/wp\/v2\/pages\/935","targetHints":{"allow":["GET"]}}],"collection":[{"href":"https:\/\/ministeriosdiaadia.cl\/index.php\/wp-json\/wp\/v2\/pages"}],"about":[{"href":"https:\/\/ministeriosdiaadia.cl\/index.php\/wp-json\/wp\/v2\/types\/page"}],"author":[{"embeddable":true,"href":"https:\/\/ministeriosdiaadia.cl\/index.php\/wp-json\/wp\/v2\/users\/1"}],"replies":[{"embeddable":true,"href":"https:\/\/ministeriosdiaadia.cl\/index.php\/wp-json\/wp\/v2\/comments?post=935"}],"version-history":[{"count":43,"href":"https:\/\/ministeriosdiaadia.cl\/index.php\/wp-json\/wp\/v2\/pages\/935\/revisions"}],"predecessor-version":[{"id":1052,"href":"https:\/\/ministeriosdiaadia.cl\/index.php\/wp-json\/wp\/v2\/pages\/935\/revisions\/1052"}],"wp:attachment":[{"href":"https:\/\/ministeriosdiaadia.cl\/index.php\/wp-json\/wp\/v2\/media?parent=935"}],"curies":[{"name":"wp","href":"https:\/\/api.w.org\/{rel}","templated":true}]}}